{"id":700,"date":"2022-10-19T21:34:35","date_gmt":"2022-10-19T19:34:35","guid":{"rendered":"https:\/\/www.jablonski-guitars.at\/?page_id=700"},"modified":"2022-12-01T17:53:47","modified_gmt":"2022-12-01T16:53:47","slug":"datenschutz","status":"publish","type":"page","link":"https:\/\/www.jablonski-guitars.at\/?page_id=700","title":{"rendered":"Datenschutz"},"content":{"rendered":"\t\t<div data-elementor-type=\"wp-page\" data-elementor-id=\"700\" class=\"elementor elementor-700\">\n\t\t\t\t\t\t<div class=\"elementor-inner\">\n\t\t\t\t<div class=\"elementor-section-wrap\">\n\t\t\t\t\t\t\t\t\t<section class=\"elementor-section elementor-top-section elementor-element elementor-element-c9f2452 elementor-section-boxed elementor-section-height-default elementor-section-height-default\" data-id=\"c9f2452\" data-element_type=\"section\">\n\t\t\t\t\t\t<div class=\"elementor-container elementor-column-gap-default\">\n\t\t\t\t\t\t\t<div class=\"elementor-row\">\n\t\t\t\t\t<div class=\"elementor-column elementor-col-100 elementor-top-column elementor-element elementor-element-3a81695\" data-id=\"3a81695\" data-element_type=\"column\">\n\t\t\t<div class=\"elementor-column-wrap elementor-element-populated\">\n\t\t\t\t\t\t\t<div class=\"elementor-widget-wrap\">\n\t\t\t\t\t\t<div class=\"elementor-element elementor-element-d8564fb elementor-widget elementor-widget-heading\" data-id=\"d8564fb\" data-element_type=\"widget\" data-widget_type=\"heading.default\">\n\t\t\t\t<div class=\"elementor-widget-container\">\n\t\t\t<h1 class=\"elementor-heading-title elementor-size-default\">Datenschutzerkl\u00e4rung<\/h1>\t\t<\/div>\n\t\t\t\t<\/div>\n\t\t\t\t\t\t<\/div>\n\t\t\t\t\t<\/div>\n\t\t<\/div>\n\t\t\t\t\t\t\t\t<\/div>\n\t\t\t\t\t<\/div>\n\t\t<\/section>\n\t\t\t\t<section class=\"elementor-section elementor-top-section elementor-element elementor-element-46e7e185 elementor-section-boxed elementor-section-height-default elementor-section-height-default\" data-id=\"46e7e185\" data-element_type=\"section\">\n\t\t\t\t\t\t<div class=\"elementor-container elementor-column-gap-default\">\n\t\t\t\t\t\t\t<div class=\"elementor-row\">\n\t\t\t\t\t<div class=\"elementor-column elementor-col-100 elementor-top-column elementor-element elementor-element-a5b2ef1\" data-id=\"a5b2ef1\" data-element_type=\"column\">\n\t\t\t<div class=\"elementor-column-wrap elementor-element-populated\">\n\t\t\t\t\t\t\t<div class=\"elementor-widget-wrap\">\n\t\t\t\t\t\t<div class=\"elementor-element elementor-element-69072ae1 elementor-widget elementor-widget-text-editor\" data-id=\"69072ae1\" data-element_type=\"widget\" data-widget_type=\"text-editor.default\">\n\t\t\t\t<div class=\"elementor-widget-container\">\n\t\t\t\t\t\t\t\t<div class=\"elementor-text-editor elementor-clearfix\">\n\t\t\t\t<!-- wp:paragraph -->\n<p>Der Schutz Ihrer pers\u00f6nlichen Daten ist uns ein besonderes Anliegen. Wir verarbeiten Ihre Daten daher ausschlie\u00dflich auf Grundlage der gesetzlichen Bestimmungen (DSGVO, TKG 2003). In diesen Datenschutzinformationen informieren wir Sie \u00fcber die wichtigsten Aspekte der Datenverarbeitung im Rahmen unserer Website.<\/p>\n<!-- \/wp:paragraph --><!-- wp:heading -->\n<h2>1 Verantwortlicher<\/h2>\n<!-- \/wp:heading --><!-- wp:paragraph -->\n<p>Der Verantwortliche im Sinne der Datenschutz-Grundverordnung und anderer nationaler Datenschutzgesetze der Mitgliedsstaaten sowie sonstiger datenschutzrechtlicher Bestimmungen ist:<\/p>\n<!-- \/wp:paragraph --><!-- wp:paragraph -->\n<p>Jablonski Guitars<br \/>Christian Jablonski<br \/>E-Mail: kontakt@jablonski-guitars.at<br \/>Tel.: 0043-664 4 679 670<\/p>\n<!-- \/wp:paragraph --><!-- wp:heading -->\n<h2>2 Allgemeines<\/h2>\n<!-- \/wp:heading --><!-- wp:heading {\"level\":3} -->\n<h3>2.1 Umfang der Verarbeitung personenbezogener Daten<\/h3>\n<!-- \/wp:heading --><!-- wp:paragraph -->\n<p>Personenbezogene Daten werden grunds\u00e4tzlich nur in dem Umfang verarbeitet, soweit dies zur Bereitstellung einer Webseite samt aller enthaltenen Funktionen erforderlich ist.<\/p>\n<!-- \/wp:paragraph --><!-- wp:heading {\"level\":3} -->\n<h3>2.2 Rechtsgrundlagen<\/h3>\n<!-- \/wp:heading --><!-- wp:paragraph -->\n<p>Soweit f\u00fcr die Verarbeitung personenbezogener Daten eine Einwilligung der betroffenen Person eingeholt wird, bildet Art. 6 Abs. 1 lit. a EU-Datenschutzgrundverordnung (DSGVO) die rechtliche Grundlage. Als Rechtsgrundlage f\u00fcr die Verarbeitung von personenbezogenen Daten zur Vertragserf\u00fcllung dient Art. 6 Abs. 1 lit. b DSGVO.<\/p>\n<!-- \/wp:paragraph --><!-- wp:paragraph -->\n<p>Ebenso als Rechtsgrundlage f\u00fcr die Verarbeitung personenbezogener Daten dienen bereits bestehende rechtliche Vorgaben (zB Aufbewahrungspflicht), denen wir unterliegen.<\/p>\n<!-- \/wp:paragraph --><!-- wp:paragraph -->\n<p>Des Weiteren ist die Verarbeitung von Daten zur Wahrung eines berechtigten Interesses unseres Unternehmens oder eines Dritten m\u00f6glich, sofern die Interessen und Grundrechte des Betroffenen nicht \u00fcberwiegen.<\/p>\n<!-- \/wp:paragraph --><!-- wp:heading -->\n<h2>3 Logdateien am Webserver<\/h2>\n<!-- \/wp:heading --><!-- wp:heading {\"level\":3} -->\n<h3>3.1 Beschreibung der Datenverarbeitung<\/h3>\n<!-- \/wp:heading --><!-- wp:paragraph -->\n<p>Jeder Zugriff auf unsere Webseite wird am Webserver automatisch in sogenannten Logdateien protokolliert. Es handelt sich dabei um eine Ma\u00dfnahme, die von den technischen Betreibern des Webservers zum Zweck der Betriebssicherheit und Fehleridentifikation durchgef\u00fchrt wird.<\/p>\n<p>Folgende Log-Daten werden bei diesem Prozess erhoben: Anonymisierte IP-Adresse, aufgerufene Seiten bzw. Elemente (wie zB Bilder), Datum und Uhrzeit, Status Code (Seite aufrufbar oder nicht), Gr\u00f6\u00dfe der von deinem Browser gespeicherten tempor\u00e4ren Internetdateien), Referer, dein Browser und Betriebssystem.<\/p>\n<p>Zur Erkennung von Angriffen werden nicht anonymisierte IP-Adressen maximal sieben Tage bei unserem Hostingpartner STRATO AG gespeichert. Danach werden sie unwiderruflich anonymisiert. Wir als Websitebetreiber k\u00f6nnen IP-Adressen grunds\u00e4tzlich nur anonymisiert einsehen. <\/p>\n<!-- \/wp:paragraph --><!-- wp:paragraph -->\n<p>Mit unserem Hostingpartner STRATO AG wurde bereits ein Verarbeitungsvertrag im Sinne des DSGVO abgeschlossen. Die Webserver unseres Hostingpartners befinden sich in der EU.<\/p>\n<!-- \/wp:paragraph --><!-- wp:heading {\"level\":3} --><!-- \/wp:paragraph --><!-- wp:heading {\"level\":3} -->\n<h3>3.2 Betroffenenrechte<\/h3>\n<!-- \/wp:heading --><!-- wp:paragraph -->\n<p>Die Erstellung und Speicherung von Logdateien ist f\u00fcr die Bereitstellung der Webseite erforderlich. Diesem automatisierten Vorgang kann daher nicht widersprochen werden.<\/p>\n<!-- \/wp:paragraph --><!-- wp:heading -->\n<h2>4 Cookies<\/h2>\n<!-- \/wp:heading --><!-- wp:heading {\"level\":3} -->\n<h3>4.1 Beschreibung der Datenverarbeitung<\/h3>\n<!-- \/wp:heading --><!-- wp:paragraph -->\n<p>Unsere Website verwendet f\u00fcr die Grundfunktionen keine dauerhaft gespeicherten Cookies, sondern nur sogenannte Session-Cookies. Diese werden beim Verlassen unserer Webseite automatisch wieder gel\u00f6scht. Bei Cookies allgemein handelt es sich um kleine Textdateien, die auf Ihrem Rechner abgelegt werden.<\/p>\n<!-- \/wp:paragraph --><!-- wp:paragraph --><!-- \/wp:paragraph --><!-- wp:heading {\"level\":3} -->\n<h3>4.2 Rechtsgrundlage<\/h3>\n<!-- \/wp:heading --><!-- wp:paragraph -->\n<p>Die Rechtsgrundlage f\u00fcr das Erstellen von Session-Cookies bildet Art. 6 Abs. 1 lit. f DSGVO.<\/p>\n<!-- \/wp:paragraph --><!-- wp:heading {\"level\":3} -->\n<h3>4.3 Betroffenenrechte<\/h3>\n<!-- \/wp:heading --><!-- wp:paragraph -->\n<p>F\u00fcr die Bereitstellung der Webseite sind tempor\u00e4re Cookies n\u00f6tig. Generell kann das Erstellen von Cookies durch \u00c4nderung der Browsereinstellungen verhindert werden.<\/p>\n<!-- \/wp:paragraph --><!-- wp:paragraph -->\n<p>Bei der Deaktivierung von Cookies kann die Funktionalit\u00e4t unserer Webseite eingeschr\u00e4nkt sein.<\/p>\n<!-- \/wp:paragraph --><!-- wp:heading -->\n<h2>5 Kontaktformular<\/h2>\n<!-- \/wp:heading --><!-- wp:heading {\"level\":3} -->\n<h3>5.1 Beschreibung der Datenverarbeitung<\/h3>\n<!-- \/wp:heading --><!-- wp:paragraph -->\n<p>Wenn Sie durch Nutzung des Kontaktformulars Kontakt mit uns aufnehmen, werden Ihre angegebenen Daten ausschlie\u00dflich zur Bearbeitung der Anfrage bzw. Nachricht und f\u00fcr den Fall von Anschlussfragen bei uns gespeichert.<br \/>Kommt aufgrund der \u00dcbermittlung einer Anfrage kein Auftrag zustande bzw. konnte die Anfrage abschlie\u00dfend bearbeitet werden, werden Ihre Daten sp\u00e4testens nach sechs Monaten gel\u00f6scht.<\/p>\n<!-- \/wp:paragraph --><!-- wp:paragraph -->\n<p>Handelt es sich um eine aufrechte Gesch\u00e4ftsbeziehung oder ist ein Anschlusskontakt wahrscheinlich, bleiben die Daten dar\u00fcber hinaus gespeichert. <\/p>\n<!-- \/wp:paragraph --><!-- wp:heading {\"level\":3} -->\n<h3>5.2 Rechtsgrundlage<\/h3>\n<!-- \/wp:heading --><!-- wp:paragraph -->\n<p>Die Rechtsgrundlage f\u00fcr die Verarbeitung ist die von Ihnen ausdr\u00fccklich erteilte Einwilligung.<\/p>\n<!-- \/wp:paragraph --><!-- wp:heading {\"level\":3} -->\n<h3>5.3 Betroffenenrechte<\/h3>\n<!-- \/wp:heading --><!-- wp:paragraph -->\n<p>Sofern die Verarbeitung Ihrer Daten nicht zur Erf\u00fcllung eines von Ihnen erteilten Auftrags oder gesetzlicher Bestimmungen erforderlich ist, k\u00f6nnen Sie jederzeit eine L\u00f6schung verlangen.<\/p>\n<!-- \/wp:paragraph --><!-- wp:paragraph -->\n<p>Nehmen Sie dazu bitte Kontakt mit der in dieser Erkl\u00e4rung genannten Person auf und verlangen Sie den Widerruf der Einwilligung zur Speicherung bzw. Verarbeitung Ihrer personenbezogenen Daten.<\/p>\n<!-- \/wp:paragraph --><!-- wp:heading -->\n<h2>6 Direktkontakt per E-Mail<\/h2>\n<!-- \/wp:heading --><!-- wp:heading {\"level\":3} -->\n<h3>6.1 Beschreibung der Datenverarbeitung<\/h3>\n<!-- \/wp:heading --><!-- wp:paragraph -->\n<p>Wenn Sie per online angebotener E-Mail-Adresse Kontakt mit uns aufnehmen, werden Ihre angegebenen Daten ausschlie\u00dflich zur Bearbeitung der Anfrage bzw. Nachricht und f\u00fcr den Fall von Anschlussfragen bei uns gespeichert.<br \/>Kommt aufgrund der \u00dcbermittlung einer E-Mail-Anfrage kein Auftrag zustande bzw. konnte die Anfrage abschlie\u00dfend bearbeitet werden, werden Ihre Daten sp\u00e4testens nach sechs Monaten gel\u00f6scht.<\/p>\n<!-- \/wp:paragraph --><!-- wp:paragraph -->\n<p>Handelt es sich um eine aufrechte Gesch\u00e4ftsbeziehung oder ist ein Anschlusskontakt wahrscheinlich, bleiben die Daten dar\u00fcber hinaus gespeichert. <\/p>\n<!-- \/wp:paragraph --><!-- wp:heading {\"level\":3} -->\n<h3>6.2 Rechtsgrundlage<\/h3>\n<!-- \/wp:heading --><!-- wp:paragraph -->\n<p>Rechtsgrundlage f\u00fcr die Verarbeitung der Daten ist Art. 6 Abs. 1 lit. f DSGVO bzw. Art. 6 Abs. 1 lit. b DSGVO.<\/p>\n<!-- \/wp:paragraph --><!-- wp:heading {\"level\":3} -->\n<h3>6.3 Betroffenenrechte<\/h3>\n<!-- \/wp:heading --><!-- wp:paragraph -->\n<p>Sofern die Verarbeitung Ihrer Daten nicht zur Erf\u00fcllung eines von Ihnen erteilten Auftrags oder gesetzlicher Bestimmungen erforderlich ist, k\u00f6nnen Sie jederzeit eine L\u00f6schung verlangen.<\/p>\n<!-- \/wp:paragraph --><!-- wp:paragraph -->\n<p>Nehmen Sie dazu bitte Kontakt mit der in dieser Erkl\u00e4rung genannten Person auf und verlangen Sie den Widerruf der Einwilligung zur Speicherung bzw. Verarbeitung Ihrer personenbezogenen Daten.<\/p>\n<!-- \/wp:paragraph --><!-- wp:heading -->\n<h2>7 Ihre Rechte<\/h2>\n<!-- \/wp:heading --><!-- wp:paragraph -->\n<p>Ihnen stehen grunds\u00e4tzlich die Rechte auf Auskunft, Berichtigung, L\u00f6schung, Einschr\u00e4nkung, Daten\u00fcbertragbarkeit, Widerruf und Widerspruch zu. Wenn Sie glauben, dass die Verarbeitung Ihrer Daten gegen das Datenschutzrecht verst\u00f6\u00dft oder Ihre datenschutzrechtlichen Anspr\u00fcche sonst in einer Weise verletzt worden sind, k\u00f6nnen Sie sich bei der Aufsichtsbeh\u00f6rde beschweren. In \u00d6sterreich ist dies die Datenschutzbeh\u00f6rde.<\/p>\n<!-- \/wp:paragraph -->\t\t\t\t\t<\/div>\n\t\t\t\t\t\t<\/div>\n\t\t\t\t<\/div>\n\t\t\t\t\t\t<\/div>\n\t\t\t\t\t<\/div>\n\t\t<\/div>\n\t\t\t\t\t\t\t\t<\/div>\n\t\t\t\t\t<\/div>\n\t\t<\/section>\n\t\t\t\t\t\t\t\t\t<\/div>\n\t\t\t<\/div>\n\t\t\t\t\t<\/div>\n\t\t","protected":false},"excerpt":{"rendered":"<p>Datenschutzerkl\u00e4rung Der Schutz Ihrer pers\u00f6nlichen Daten ist uns ein besonderes Anliegen. Wir verarbeiten Ihre Daten daher ausschlie\u00dflich auf Grundlage der gesetzlichen Bestimmungen (DSGVO, TKG 2003). In diesen Datenschutzinformationen informieren wir Sie \u00fcber die wichtigsten Aspekte der Datenverarbeitung im Rahmen unserer Website. 1 Verantwortlicher Der Verantwortliche im Sinne der Datenschutz-Grundverordnung und anderer nationaler Datenschutzgesetze der Mitgliedsstaaten [&hellip;]<\/p>\n","protected":false},"author":1,"featured_media":0,"parent":0,"menu_order":0,"comment_status":"closed","ping_status":"closed","template":"elementor_header_footer","meta":[],"_links":{"self":[{"href":"https:\/\/www.jablonski-guitars.at\/index.php?rest_route=\/wp\/v2\/pages\/700"}],"collection":[{"href":"https:\/\/www.jablonski-guitars.at\/index.php?rest_route=\/wp\/v2\/pages"}],"about":[{"href":"https:\/\/www.jablonski-guitars.at\/index.php?rest_route=\/wp\/v2\/types\/page"}],"author":[{"embeddable":true,"href":"https:\/\/www.jablonski-guitars.at\/index.php?rest_route=\/wp\/v2\/users\/1"}],"replies":[{"embeddable":true,"href":"https:\/\/www.jablonski-guitars.at\/index.php?rest_route=%2Fwp%2Fv2%2Fcomments&post=700"}],"version-history":[{"count":20,"href":"https:\/\/www.jablonski-guitars.at\/index.php?rest_route=\/wp\/v2\/pages\/700\/revisions"}],"predecessor-version":[{"id":940,"href":"https:\/\/www.jablonski-guitars.at\/index.php?rest_route=\/wp\/v2\/pages\/700\/revisions\/940"}],"wp:attachment":[{"href":"https:\/\/www.jablonski-guitars.at\/index.php?rest_route=%2Fwp%2Fv2%2Fmedia&parent=700"}],"curies":[{"name":"wp","href":"https:\/\/api.w.org\/{rel}","templated":true}]}}